{"id":295323,"date":"2024-09-04T10:16:47","date_gmt":"2024-09-04T08:16:47","guid":{"rendered":"https:\/\/dom-ucenicki-kutina.skole.hr\/?page_id=295323"},"modified":"2026-04-29T10:07:42","modified_gmt":"2026-04-29T08:07:42","slug":"295323-2","status":"publish","type":"page","link":"https:\/\/dom-ucenicki-kutina.skole.hr\/?page_id=295323","title":{"rendered":"Natje\u010daji"},"content":{"rendered":"<p>[et_pb_section fb_built=&#8221;1&#8243; admin_label=&#8221;Global Menu&#8221; _builder_version=&#8221;4.25.0&#8243; _module_preset=&#8221;default&#8221; background_color=&#8221;#295966&#8243; custom_padding=&#8221;20px||0px||false|false&#8221; global_colors_info=&#8221;{}&#8221;][et_pb_row make_equal=&#8221;on&#8221; custom_padding_last_edited=&#8221;on|desktop&#8221; disabled_on=&#8221;off|off|off&#8221; _builder_version=&#8221;4.25.0&#8243; _module_preset=&#8221;default&#8221; min_height_tablet=&#8221;&#8221; min_height_phone=&#8221;&#8221; min_height_last_edited=&#8221;on|desktop&#8221; height_tablet=&#8221;&#8221; height_phone=&#8221;&#8221; height_last_edited=&#8221;on|desktop&#8221; custom_margin_tablet=&#8221;&#8221; custom_margin_phone=&#8221;&#8221; custom_margin_last_edited=&#8221;on|phone&#8221; custom_padding=&#8221;10px||10px||true|false&#8221; custom_padding_tablet=&#8221;10px||10px||true|false&#8221; custom_padding_phone=&#8221;&#8221; border_color_all=&#8221;#000000&#8243; border_width_bottom=&#8221;1px&#8221; global_colors_info=&#8221;{}&#8221;][et_pb_column type=&#8221;4_4&#8243; _builder_version=&#8221;4.22.0&#8243; _module_preset=&#8221;default&#8221; custom_css_main_element=&#8221;margin-top: 0 !important;||margin-bottom: 0 !important;&#8221; global_colors_info=&#8221;{}&#8221;][et_pb_text admin_label=&#8221;Naziv \u0161kole&#8221; _builder_version=&#8221;4.25.0&#8243; _dynamic_attributes=&#8221;link_option_url&#8221; _module_preset=&#8221;default&#8221; text_font=&#8221;Aboreto||||||||&#8221; header_font=&#8221;Cantarell|700|||||||&#8221; header_text_color=&#8221;gcid-2bce12fa-3b3f-4701-8f9a-f5b25e253d06&#8243; width=&#8221;100%&#8221; max_width=&#8221;100%&#8221; link_option_url=&#8221;@ET-DC@eyJkeW5hbWljIjp0cnVlLCJjb250ZW50IjoiaG9tZV91cmwiLCJzZXR0aW5ncyI6eyJlbmFibGVfaHRtbCI6Im9mZiJ9fQ==@&#8221; header_2_font_tablet=&#8221;&#8221; header_2_font_phone=&#8221;&#8221; header_2_font_last_edited=&#8221;on|desktop&#8221; header_3_font_tablet=&#8221;&#8221; header_3_font_phone=&#8221;&#8221; header_3_font_last_edited=&#8221;on|desktop&#8221; header_4_font_tablet=&#8221;&#8221; header_4_font_phone=&#8221;&#8221; header_4_font_last_edited=&#8221;on|desktop&#8221; text_text_shadow_style=&#8221;preset1&#8243; global_colors_info=&#8221;%91%93&#8243;]<\/p>\n<h1><span style=\"color: #ffffff\">\u00a0U\u010deni\u010dki dom <\/span><\/h1>\n<h1><span style=\"color: #ffffff\"><strong><em>K u t i n a<\/em><\/strong><\/span><\/h1>\n<p>[\/et_pb_text][\/et_pb_column][\/et_pb_row][et_pb_row disabled_on=&#8221;off|off|off&#8221; _builder_version=&#8221;4.25.0&#8243; _module_preset=&#8221;default&#8221; background_color=&#8221;#295966&#8243; custom_margin=&#8221;0px||0px||false|false&#8221; custom_padding=&#8221;10px||10px||false|false&#8221; global_colors_info=&#8221;{}&#8221;][et_pb_column type=&#8221;4_4&#8243; _builder_version=&#8221;4.16&#8243; _module_preset=&#8221;default&#8221; global_colors_info=&#8221;{}&#8221;][et_pb_menu menu_id=&#8221;8&#8243; menu_style=&#8221;inline_centered_logo&#8221; active_link_color=&#8221;#FFFFFF&#8221; dropdown_menu_bg_color=&#8221;gcid-71985e1d-0ffd-4700-af9c-a7d411e18d79&#8243; dropdown_menu_line_color=&#8221;gcid-2bce12fa-3b3f-4701-8f9a-f5b25e253d06&#8243; dropdown_menu_text_color=&#8221;gcid-2bce12fa-3b3f-4701-8f9a-f5b25e253d06&#8243; dropdown_menu_active_link_color=&#8221;#000000&#8243; show_search_icon=&#8221;on&#8221; cart_icon_color=&#8221;#FFFFFF&#8221; search_icon_color=&#8221;#FFFFFF&#8221; menu_icon_color=&#8221;#FFFFFF&#8221; disabled_on=&#8221;off|off|off&#8221; _builder_version=&#8221;4.25.0&#8243; _module_preset=&#8221;default&#8221; menu_font=&#8221;ABeeZee||||||||&#8221; menu_text_color=&#8221;#FFFFFF&#8221; menu_font_size=&#8221;16px&#8221; background_color=&#8221;gcid-6e56adce-3472-4988-a83b-74f45b326eb1&#8243; custom_margin=&#8221;|-142px||||&#8221; custom_padding=&#8221;0px||1px|||&#8221; global_colors_info=&#8221;{%22gcid-f430c677-3444-4475-8aed-729a21f5abaa%22:%91%22mobile_menu_text_color%22%93,%22gcid-6e56adce-3472-4988-a83b-74f45b326eb1%22:%91%22background_color%22%93,%22gcid-2bce12fa-3b3f-4701-8f9a-f5b25e253d06%22:%91%22dropdown_menu_line_color%22,%22dropdown_menu_text_color%22%93,%22gcid-71985e1d-0ffd-4700-af9c-a7d411e18d79%22:%91%22dropdown_menu_bg_color%22%93}&#8221;][\/et_pb_menu][\/et_pb_column][\/et_pb_row][\/et_pb_section][et_pb_section fb_built=&#8221;1&#8243; _builder_version=&#8221;4.25.0&#8243; _module_preset=&#8221;default&#8221; global_colors_info=&#8221;{}&#8221;][et_pb_row _builder_version=&#8221;4.25.0&#8243; _module_preset=&#8221;default&#8221; custom_margin=&#8221;|auto||412px||&#8221; global_colors_info=&#8221;{}&#8221;][et_pb_column type=&#8221;4_4&#8243; _builder_version=&#8221;4.25.0&#8243; _module_preset=&#8221;default&#8221; global_colors_info=&#8221;{}&#8221;][et_pb_heading title=&#8221;Natje\u010daji&#8221; _builder_version=&#8221;4.25.0&#8243; _module_preset=&#8221;default&#8221; title_font=&#8221;|600|||||||&#8221; title_font_size=&#8221;38px&#8221; hover_enabled=&#8221;0&#8243; global_colors_info=&#8221;{}&#8221; sticky_enabled=&#8221;0&#8243;][\/et_pb_heading][et_pb_text _builder_version=&#8221;4.27.6&#8243; _module_preset=&#8221;default&#8221; text_font=&#8221;&#8211;et_global_body_font|600|||||||&#8221; custom_padding=&#8221;7px|||56px||&#8221; hover_enabled=&#8221;0&#8243; global_colors_info=&#8221;{}&#8221; sticky_enabled=&#8221;0&#8243;]<\/p>\n<p><a href=\"https:\/\/dom-ucenicki-kutina.skole.hr\/wp-content\/uploads\/sites\/2193\/2026\/04\/Obavijest-kandidatima-prijavljenim-na-natjecaj-radno-mjesto-vratar-tel.-pazik.1.docx\" rel=\"attachment wp-att-301947\">Obavijest kandidatima prijavljenim na natje\u010daj, radno mjesto vratar, tel. pazik.(1)<\/a><\/p>\n<p><a href=\"https:\/\/dom-ucenicki-kutina.skole.hr\/wp-content\/uploads\/sites\/2193\/2026\/04\/Natjecaj-VRATAR-.docx\" rel=\"attachment wp-att-301797\">Natjecaj- VRATAR<\/a><\/p>\n<p><a href=\"https:\/\/dom-ucenicki-kutina.skole.hr\/wp-content\/uploads\/sites\/2193\/2026\/01\/Natjecaj-pedagog-2026.docx\" rel=\"attachment wp-att-300984\"><\/a><a href=\"https:\/\/dom-ucenicki-kutina.skole.hr\/wp-content\/uploads\/sites\/2193\/2026\/02\/Odluka-obustava-natjecaja.docx\" rel=\"attachment wp-att-301236\">Odluka obustava natje\u010daja pedagog 16.1.2026.<\/a><a href=\"https:\/\/dom-ucenicki-kutina.skole.hr\/wp-content\/uploads\/sites\/2193\/2026\/01\/Natjecaj-pedagog-2026.docx\" rel=\"attachment wp-att-300984\"><\/a><\/p>\n<p><a href=\"https:\/\/dom-ucenicki-kutina.skole.hr\/wp-content\/uploads\/sites\/2193\/2026\/01\/Natjecaj-pedagog-2026.docx\" rel=\"attachment wp-att-300984\">Natjecaj-pedagog-2026<\/a><\/p>\n<p><a href=\"https:\/\/dom-ucenicki-kutina.skole.hr\/wp-content\/uploads\/sites\/2193\/2025\/12\/Obavijest-o-rezultatu-natjecaja-operativni-djelatnik-za-sigurnost-i-civilnu-zastitu-mz.docx\" rel=\"attachment wp-att-300771\"><\/a><a href=\"https:\/\/dom-ucenicki-kutina.skole.hr\/wp-content\/uploads\/sites\/2193\/2025\/12\/Obavijest-o-rezultatu-natjecaja-operativni-djelatnik-za-sigurnost-i-civilnu-zastitu-mz.pdf\" rel=\"attachment wp-att-300789\"><\/a><a href=\"https:\/\/dom-ucenicki-kutina.skole.hr\/wp-content\/uploads\/sites\/2193\/2025\/12\/UDK-Obavijest-o-rezultatu-natjecaja-operativni-djelatnik-2.docx\" rel=\"attachment wp-att-300795\">UDK-Obavijest-o rezultatu-natjecaja-operativni-djelatnik-(2)<\/a><\/p>\n<p>&nbsp;<\/p>\n<p>&nbsp;<\/p>\n<p><img decoding=\"async\" src=\"https:\/\/dom-ucenicki-kutina.skole.hr\/wp-content\/uploads\/sites\/2193\/2025\/12\/Obavijest-1-1-218x300.jpg\" width=\"218\" height=\"300\" alt=\"\" class=\"wp-image-300774 alignnone size-medium\" \/><\/p>\n<p><a href=\"https:\/\/dom-ucenicki-kutina.skole.hr\/wp-content\/uploads\/sites\/2193\/2025\/12\/OBAVIJEST-o-odgodi-i-novom-terminu-razgovora-10.12.2025.docx\" rel=\"attachment wp-att-300552\">OBAVIJEST o odgodi i novom terminu razgovora 10.12.2025.<\/a><\/p>\n<p><a href=\"https:\/\/dom-ucenicki-kutina.skole.hr\/wp-content\/uploads\/sites\/2193\/2025\/12\/Obavijest-operativni-djelatnik-za-sigurnost-i-civilnu-zastitu.docx\" rel=\"attachment wp-att-300495\">Obavijest -operativni djelatnik za sigurnost i civilnu za\u0161titu<\/a><\/p>\n<p><a href=\"https:\/\/dom-ucenicki-kutina.skole.hr\/wp-content\/uploads\/sites\/2193\/2025\/11\/Natjecaj-Operativni-djelatnik-za-sigurnost-i-civilnu-zastitu_SSNM.docx\" rel=\"attachment wp-att-300147\">Natje\u010daj &#8211; Operativni-djelatnik-za-sigurnost-i-civilnu-zastitu_SSNM<\/a><\/p>\n<p><a href=\"https:\/\/dom-ucenicki-kutina.skole.hr\/wp-content\/uploads\/sites\/2193\/2025\/11\/Obustava-natjecaj-pedagog-.pdf\" rel=\"attachment wp-att-300126\">Obustava natje\u010daj pedagog<\/a> <a href=\"https:\/\/dom-ucenicki-kutina.skole.hr\/wp-content\/uploads\/sites\/2193\/2025\/11\/Obustava-natjecaj-pedagog-1-1.pdf\" rel=\"attachment wp-att-300132\">Obustava natje\u010daj pedagog<\/a><\/p>\n<p><a href=\"https:\/\/dom-ucenicki-kutina.skole.hr\/wp-content\/uploads\/sites\/2193\/2025\/11\/Poziva-na-razgovor-strucni-suradnik-pedagog.3.11.2025.docx\" rel=\"attachment wp-att-300111\">Poziva na razgovor stru\u010dni suradnik- pedagog.3.11.2025<\/a><\/p>\n<p><a href=\"https:\/\/dom-ucenicki-kutina.skole.hr\/wp-content\/uploads\/sites\/2193\/2025\/11\/Natjecaj-pedagog-3.11.2025.docx\" rel=\"attachment wp-att-299646\">Natje\u010daj za pedagoga -3.11.202<\/a><\/p>\n<p><a href=\"https:\/\/dom-ucenicki-kutina.skole.hr\/wp-content\/uploads\/sites\/2193\/2025\/05\/img20250528_13343630.pdf\" rel=\"attachment wp-att-298548\">Obavijest o odabiru kandidata<\/a><\/p>\n<p><a href=\"https:\/\/dom-ucenicki-kutina.skole.hr\/wp-content\/uploads\/sites\/2193\/2025\/05\/POZIV-NA-RAZGOVOR-S-KANDIDATIMA.docx\" rel=\"attachment wp-att-298542\">POZIV NA RAZGOVOR S KANDIDATIMA<\/a><\/p>\n<p><a href=\"https:\/\/dom-ucenicki-kutina.skole.hr\/wp-content\/uploads\/sites\/2193\/2025\/05\/Natjecaj-kuhar-20-sati-19.5.2025-kopija.docx\" rel=\"attachment wp-att-298440\">Natjecaj- kuhar 20 sati, 19.5.2025.,<\/a><\/p>\n<p><a href=\"https:\/\/dom-ucenicki-kutina.skole.hr\/wp-content\/uploads\/sites\/2193\/2025\/05\/Natjecaj-kuhar-40-sati-19.5.2025.docx\" rel=\"attachment wp-att-298443\">Natjecaj- kuhar 40 sati, 19.5.2025.<\/a><\/p>\n<p><img decoding=\"async\" src=\"https:\/\/dom-ucenicki-kutina.skole.hr\/wp-content\/uploads\/sites\/2193\/2025\/05\/obustava-744x1024.jpeg\" width=\"744\" height=\"1024\" alt=\"\" class=\"wp-image-298266 aligncenter size-large\" srcset=\"https:\/\/dom-ucenicki-kutina.skole.hr\/wp-content\/uploads\/sites\/2193\/2025\/05\/obustava-744x1024.jpeg 744w, https:\/\/dom-ucenicki-kutina.skole.hr\/wp-content\/uploads\/sites\/2193\/2025\/05\/obustava-480x660.jpeg 480w\" sizes=\"(min-width: 0px) and (max-width: 480px) 480px, (min-width: 481px) 744px, 100vw\" \/><\/p>\n<p><a href=\"https:\/\/dom-ucenicki-kutina.skole.hr\/wp-content\/uploads\/sites\/2193\/2025\/04\/natjecaj-pedagog-28.4.2025.docx\" rel=\"attachment wp-att-298191\">Natje\u010daj &#8211; pedagog- 28.4.2025.<\/a><\/p>\n<p><a href=\"https:\/\/dom-ucenicki-kutina.skole.hr\/wp-content\/uploads\/sites\/2193\/2025\/04\/Obustava-natjecaja-pedagog.pdf\" rel=\"attachment wp-att-297957\">Obustava natje\u010daja-pedagog<\/a><\/p>\n<p><a href=\"https:\/\/dom-ucenicki-kutina.skole.hr\/wp-content\/uploads\/sites\/2193\/2025\/03\/Natjecaj-pedagog-19.3.2025.docx\" rel=\"attachment wp-att-297693\">Natjecaj-pedagog-19.3.2025<\/a><\/p>\n<p><a href=\"https:\/\/dom-ucenicki-kutina.skole.hr\/wp-content\/uploads\/sites\/2193\/2025\/02\/Scan_0226.pdf\" rel=\"attachment wp-att-297399\">Odluka o obustavi natje\u010daja za stru\u010dnog suradnika\/pedagoga<\/a><\/p>\n<p><a href=\"https:\/\/dom-ucenicki-kutina.skole.hr\/wp-content\/uploads\/sites\/2193\/2025\/01\/natjecaj-pedagog-22.1.2025.docx\" rel=\"attachment wp-att-297294\"><\/a><a href=\"https:\/\/dom-ucenicki-kutina.skole.hr\/wp-content\/uploads\/sites\/2193\/2025\/01\/natjecaj-pedagog-22.1.2025.docx\" rel=\"attachment wp-att-297294\">Natjecaj-pedagog-22.1.2025<\/a><\/p>\n<p><a href=\"https:\/\/dom-ucenicki-kutina.skole.hr\/wp-content\/uploads\/sites\/2193\/2025\/01\/Obavjest-kandidatima-3.1.2025.docx\" rel=\"attachment wp-att-297006\">Obavijest kandidatima 3.1.2025.<\/a> &#8211; natje\u010daj kuhar\/ica<\/p>\n<p><a href=\"https:\/\/dom-ucenicki-kutina.skole.hr\/wp-content\/uploads\/sites\/2193\/2024\/12\/Poziv-na-razgovor-s-kandidatima-kuharica17.12.docx\" rel=\"attachment wp-att-296682\">Poziv na razgovor s kandidatima-kuhar\/ica,17.12.<\/a><\/p>\n<p><a href=\"https:\/\/dom-ucenicki-kutina.skole.hr\/wp-content\/uploads\/sites\/2193\/2024\/12\/Natjecaj-kuhar-17.12.docx\" rel=\"attachment wp-att-296655\">Natje\u010daj kuhar 17.12.2024.<\/a><\/p>\n<p><a href=\"https:\/\/dom-ucenicki-kutina.skole.hr\/wp-content\/uploads\/sites\/2193\/2024\/12\/Odluka-obustava-natjecaja.pdf\" rel=\"attachment wp-att-296607\">Odluka obustava natje\u010daja<\/a><\/p>\n<p><a href=\"https:\/\/dom-ucenicki-kutina.skole.hr\/wp-content\/uploads\/sites\/2193\/2024\/12\/Poziv-na-razgovor-s-kandidatima.docx\" rel=\"attachment wp-att-296595\">Poziv na razgovor s kandidatima<\/a> &#8211; natje\u010daj sprema\u010dica<\/p>\n<p><a href=\"https:\/\/dom-ucenicki-kutina.skole.hr\/wp-content\/uploads\/sites\/2193\/2024\/11\/Natjecaj-spremacica-26.11.docx\" rel=\"attachment wp-att-296406\">Natje\u010daj &#8211; sprema\u010dica 26.11.<\/a><\/p>\n<p><a href=\"https:\/\/dom-ucenicki-kutina.skole.hr\/wp-content\/uploads\/sites\/2193\/2024\/11\/Obavijest-o-odabiru-kandidata.docx\" rel=\"attachment wp-att-296268\">Obavijest o odabiru kandidata<\/a> &#8211; natje\u010daj sprema\u010dica<\/p>\n<p><a href=\"https:\/\/dom-ucenicki-kutina.skole.hr\/wp-content\/uploads\/sites\/2193\/2024\/11\/Poziv-na-razgovor-s-kandidatima2.docx\" rel=\"attachment wp-att-296226\">Poziv na razgovor s kandidatima &#8211; Natje\u010daj sprema\u010dica<\/a><\/p>\n<p><a href=\"https:\/\/dom-ucenicki-kutina.skole.hr\/wp-content\/uploads\/sites\/2193\/2024\/10\/Natjecaj-spremacica-2024.docx\" rel=\"attachment wp-att-296100\">Natje\u010daj sprema\u010dica 2024.<\/a><\/p>\n<p><a href=\"https:\/\/dom-ucenicki-kutina.skole.hr\/wp-content\/uploads\/sites\/2193\/2024\/11\/Poziv-na-razgovor-s-kandidatima1.docx\" rel=\"attachment wp-att-296217\"><\/a><\/p>\n<p>[\/et_pb_text][\/et_pb_column][\/et_pb_row][\/et_pb_section][et_pb_section fb_built=&#8221;1&#8243; admin_label=&#8221;Page Footer&#8221; _builder_version=&#8221;4.25.0&#8243; _module_preset=&#8221;default&#8221; background_color=&#8221;#295966&#8243; background_enable_image=&#8221;off&#8221; background_position=&#8221;top_right&#8221; min_height=&#8221;352px&#8221; custom_margin=&#8221;||-550px||false|false&#8221; global_colors_info=&#8221;{}&#8221;][et_pb_row column_structure=&#8221;1_3,1_3,1_3&#8243; _builder_version=&#8221;4.25.0&#8243; _module_preset=&#8221;default&#8221; width=&#8221;100%&#8221; max_height=&#8221;148px&#8221; global_colors_info=&#8221;{}&#8221;][et_pb_column type=&#8221;1_3&#8243; _builder_version=&#8221;4.22.0&#8243; _module_preset=&#8221;default&#8221; global_colors_info=&#8221;{}&#8221;][et_pb_text admin_label=&#8221;Adresa&#8221; _builder_version=&#8221;4.25.0&#8243; _module_preset=&#8221;default&#8221; text_text_color=&#8221;gcid-2bce12fa-3b3f-4701-8f9a-f5b25e253d06&#8243; text_font_size=&#8221;16px&#8221; text_line_height=&#8221;1.9em&#8221; link_text_color=&#8221;gcid-2bce12fa-3b3f-4701-8f9a-f5b25e253d06&#8243; header_2_font_size=&#8221;27px&#8221; global_colors_info=&#8221;%91%93&#8243;]<\/p>\n<h2>Adresa doma<\/h2>\n<p>Crkvena 22<br \/>44 320 Kutina<\/p>\n<p><a href=\"https:\/\/www.google.com\/maps\/place\/U%C4%8Deni%C4%8Dki+dom+-+Kutina\/@45.4849518,16.7749776,17z\/data=!3m1!4b1!4m6!3m5!1s0x476703c7047c5a69:0xeb629f836bace4b5!8m2!3d45.4849481!4d16.7775525!16s%2Fg%2F1tf46ypl?entry=ttu\" target=\"_blank\" rel=\"noopener\" title=\"Lokacija Doma na mapi\">Lokacija na mapi<\/a><\/p>\n<p>[\/et_pb_text][\/et_pb_column][et_pb_column type=&#8221;1_3&#8243; _builder_version=&#8221;4.23.1&#8243; _module_preset=&#8221;default&#8221; global_colors_info=&#8221;{}&#8221;][et_pb_text admin_label=&#8221;Kontakt&#8221; _builder_version=&#8221;4.25.0&#8243; _module_preset=&#8221;default&#8221; text_text_color=&#8221;gcid-2bce12fa-3b3f-4701-8f9a-f5b25e253d06&#8243; text_font_size=&#8221;16px&#8221; text_line_height=&#8221;1.9em&#8221; link_text_color=&#8221;gcid-2bce12fa-3b3f-4701-8f9a-f5b25e253d06&#8243; header_2_font_size=&#8221;27px&#8221; width=&#8221;206.4%&#8221; custom_margin=&#8221;|-6px||-44px||&#8221; custom_padding=&#8221;|0px||0px||&#8221; global_colors_info=&#8221;%91%93&#8243;]<\/p>\n<h2>Kontakt<\/h2>\n<p>Ravnateljica: 099 \/ 803 4527<br \/>Odgajatelji: 099 \/ 803 4528<br \/>Ra\u010dunovodstvo: 099 \/ 803 4529<\/p>\n<p>Telefon: 044 \/ 683 542<br \/>E-mail: ucenicki-dom-kutina@ucenic08.tcloud.hr<\/p>\n<p>[\/et_pb_text][\/et_pb_column][et_pb_column type=&#8221;1_3&#8243; _builder_version=&#8221;4.23.1&#8243; _module_preset=&#8221;default&#8221; global_colors_info=&#8221;{}&#8221;][et_pb_text admin_label=&#8221;Linkovi&#8221; _builder_version=&#8221;4.23.1&#8243; _module_preset=&#8221;default&#8221; text_text_color=&#8221;gcid-2bce12fa-3b3f-4701-8f9a-f5b25e253d06&#8243; text_font_size=&#8221;16px&#8221; text_line_height=&#8221;1.9em&#8221; link_text_color=&#8221;gcid-2bce12fa-3b3f-4701-8f9a-f5b25e253d06&#8243; header_2_font_size=&#8221;27px&#8221; width=&#8221;100%&#8221; max_width=&#8221;100%&#8221; global_colors_info=&#8221;%91%93&#8243;]<\/p>\n<h2>Korisni linkovi<\/h2>\n<ul>\n<li><a href=\"https:\/\/mzo.gov.hr\">Ministarstvo znanosti i obrazovanja<\/a><\/li>\n<li><a href=\"https:\/\/www.carnet.hr\">CARNET<\/a><\/li>\n<li><a href=\"https:\/\/www.carnet.hr\/sluzba-za-podrsku-korisnicima\">CARNET Helpdesk za \u0161kole<\/a><\/li>\n<li><a href=\"https:\/\/www.skole.hr\">Portal za \u0161kole<\/a><\/li>\n<li><a href=\"https:\/\/edutorij.e-skole.hr\">Edutorij<\/a><\/li>\n<li><a href=\"https:\/\/ocjene.skole.hr\">e-Dnevnik za roditelje i u\u010denike<\/a><\/li>\n<\/ul>\n<p>[\/et_pb_text][\/et_pb_column][\/et_pb_row][et_pb_row _builder_version=&#8221;4.25.0&#8243; _module_preset=&#8221;default&#8221; global_colors_info=&#8221;{}&#8221;][et_pb_column type=&#8221;4_4&#8243; _builder_version=&#8221;4.25.0&#8243; _module_preset=&#8221;default&#8221; global_colors_info=&#8221;{}&#8221;][\/et_pb_column][\/et_pb_row][et_pb_row _builder_version=&#8221;4.25.0&#8243; _module_preset=&#8221;default&#8221; global_colors_info=&#8221;{}&#8221;][et_pb_column type=&#8221;4_4&#8243; _builder_version=&#8221;4.25.0&#8243; _module_preset=&#8221;default&#8221; global_colors_info=&#8221;{}&#8221;][et_pb_button button_url=&#8221;https:\/\/web-arhiva.skole.hr\/dom-ucenicki-kutina\/&#8221; url_new_window=&#8221;on&#8221; button_text=&#8221;Arhiva na\u0161e stare web stranice&#8221; _builder_version=&#8221;4.25.0&#8243; _module_preset=&#8221;default&#8221; custom_button=&#8221;off&#8221; global_colors_info=&#8221;{}&#8221;][\/et_pb_button][\/et_pb_column][\/et_pb_row][\/et_pb_section][et_pb_section fb_built=&#8221;1&#8243; admin_label=&#8221;EU footer&#8221; _builder_version=&#8221;4.25.0&#8243; _module_preset=&#8221;default&#8221; width=&#8221;100%&#8221; max_width=&#8221;100%&#8221; module_alignment=&#8221;center&#8221; min_height=&#8221;593px&#8221; height=&#8221;100px&#8221; max_height=&#8221;252px&#8221; custom_margin=&#8221;-46px||20px||false|false&#8221; custom_padding=&#8221;0px||0px||false|false&#8221; global_colors_info=&#8221;{}&#8221;][et_pb_row column_structure=&#8221;1_4,1_4,1_4,1_4&#8243; make_equal=&#8221;on&#8221; custom_padding_last_edited=&#8221;off|desktop&#8221; admin_label=&#8221;Logotipovi&#8221; _builder_version=&#8221;4.25.0&#8243; _module_preset=&#8221;default&#8221; positioning=&#8221;none&#8221; max_width=&#8221;1024px&#8221; custom_css_main_element=&#8221;align-items: center;&#8221; global_colors_info=&#8221;{}&#8221; custom_css_main_element_last_edited=&#8221;on|desktop&#8221; custom_css_main_element_tablet=&#8221;align-items: center;&#8221; custom_css_main_element_phone=&#8221;align-items: center;&#8221;][et_pb_column type=&#8221;1_4&#8243; _builder_version=&#8221;4.22.0&#8243; _module_preset=&#8221;default&#8221; custom_padding_tablet=&#8221;&#8221; custom_padding_phone=&#8221;&#8221; custom_padding_last_edited=&#8221;on|phone&#8221; global_colors_info=&#8221;{}&#8221; custom_css_main_element_last_edited=&#8221;on|desktop&#8221;][et_pb_image src=&#8221;https:\/\/dom-ucenicki-kutina.skole.hr\/wp-content\/uploads\/sites\/2193\/2023\/08\/carnet.svg&#8221; title_text=&#8221;carnet&#8221; url=&#8221;https:\/\/www.carnet.hr\/&#8221; url_new_window=&#8221;on&#8221; align=&#8221;center&#8221; align_tablet=&#8221;center&#8221; align_phone=&#8221;&#8221; align_last_edited=&#8221;on|desktop&#8221; admin_label=&#8221;CARNET&#8221; _builder_version=&#8221;4.22.0&#8243; _module_preset=&#8221;default&#8221; max_width=&#8221;130px&#8221; max_width_tablet=&#8221;130px&#8221; max_width_phone=&#8221;130px&#8221; max_width_last_edited=&#8221;on|phone&#8221; module_alignment=&#8221;center&#8221; global_colors_info=&#8221;%91%93&#8243;][\/et_pb_image][\/et_pb_column][et_pb_column type=&#8221;1_4&#8243; _builder_version=&#8221;4.22.0&#8243; _module_preset=&#8221;default&#8221; custom_padding_tablet=&#8221;&#8221; custom_padding_phone=&#8221;&#8221; custom_padding_last_edited=&#8221;on|phone&#8221; global_colors_info=&#8221;{}&#8221;][et_pb_image src=&#8221;https:\/\/dom-ucenicki-kutina.skole.hr\/wp-content\/uploads\/sites\/2193\/2024\/08\/mzo.gov_.hr-color.png&#8221; title_text=&#8221;mzo.gov_.hr-color&#8221; _builder_version=&#8221;4.25.0&#8243; _module_preset=&#8221;default&#8221; width=&#8221;100%&#8221; max_width=&#8221;100%&#8221; min_height=&#8221;100px&#8221; height=&#8221;100px&#8221; max_height=&#8221;1000px&#8221; global_colors_info=&#8221;{}&#8221;][\/et_pb_image][\/et_pb_column][et_pb_column type=&#8221;1_4&#8243; _builder_version=&#8221;4.22.0&#8243; _module_preset=&#8221;default&#8221; custom_padding_tablet=&#8221;&#8221; custom_padding_phone=&#8221;&#8221; custom_padding_last_edited=&#8221;on|desktop&#8221; global_colors_info=&#8221;{}&#8221;][et_pb_image src=&#8221;https:\/\/dom-ucenicki-kutina.skole.hr\/wp-content\/uploads\/sites\/2193\/2024\/08\/azoo-4da2709f.png&#8221; title_text=&#8221;azoo-4da2709f&#8221; _builder_version=&#8221;4.25.0&#8243; _module_preset=&#8221;default&#8221; global_colors_info=&#8221;{}&#8221;][\/et_pb_image][\/et_pb_column][et_pb_column type=&#8221;1_4&#8243; _builder_version=&#8221;4.22.0&#8243; _module_preset=&#8221;default&#8221; custom_padding_tablet=&#8221;&#8221; custom_padding_phone=&#8221;&#8221; custom_padding_last_edited=&#8221;on|phone&#8221; global_colors_info=&#8221;{}&#8221;][et_pb_image src=&#8221;https:\/\/dom-ucenicki-kutina.skole.hr\/wp-content\/uploads\/sites\/2193\/2024\/08\/etsn.jpg&#8221; title_text=&#8221;etsn&#8221; url=&#8221;https:\/\/etsn.eu\/&#8221; url_new_window=&#8221;on&#8221; force_fullwidth=&#8221;on&#8221; _builder_version=&#8221;4.25.0&#8243; _module_preset=&#8221;default&#8221; min_height=&#8221;111px&#8221; height=&#8221;220px&#8221; max_height=&#8221;100px&#8221; global_colors_info=&#8221;{}&#8221;][\/et_pb_image][\/et_pb_column][\/et_pb_row][et_pb_row admin_label=&#8221;Row&#8221; _builder_version=&#8221;4.25.0&#8243; _module_preset=&#8221;default&#8221; width=&#8221;100%&#8221; max_width=&#8221;911px&#8221; min_height=&#8221;100px&#8221; height=&#8221;100px&#8221; max_height=&#8221;100px&#8221; global_colors_info=&#8221;{}&#8221;][et_pb_column type=&#8221;4_4&#8243; _builder_version=&#8221;4.20.0&#8243; _module_preset=&#8221;default&#8221; global_colors_info=&#8221;{}&#8221;][et_pb_text _builder_version=&#8221;4.22.0&#8243; _module_preset=&#8221;default&#8221; text_text_color=&#8221;#B7B7B7&#8243; text_orientation=&#8221;center&#8221; global_colors_info=&#8221;{}&#8221;]<\/p>\n<p>Izradu ove mre\u017ene stranice sufinancirala je Europska unija iz europskih strukturnih i investicijskih fondova.<\/p>\n<p>[\/et_pb_text][\/et_pb_column][\/et_pb_row][\/et_pb_section]<\/p>\n","protected":false},"excerpt":{"rendered":"<p>\u00a0U\u010deni\u010dki dom K u t i n aObavijest kandidatima prijavljenim na natje\u010daj, radno mjesto vratar, tel. pazik.(1) Natjecaj- VRATAR Odluka obustava natje\u010daja pedagog 16.1.2026. Natjecaj-pedagog-2026 UDK-Obavijest-o rezultatu-natjecaja-operativni-djelatnik-(2) &nbsp; &nbsp; OBAVIJEST o odgodi i novom terminu razgovora 10.12.2025. Obavijest -operativni djelatnik za sigurnost i civilnu za\u0161titu Natje\u010daj &#8211; Operativni-djelatnik-za-sigurnost-i-civilnu-zastitu_SSNM Obustava natje\u010daj pedagog Obustava natje\u010daj pedagog Poziva [&hellip;]<\/p>\n","protected":false},"author":3651,"featured_media":0,"parent":0,"menu_order":0,"comment_status":"closed","ping_status":"closed","template":"","meta":{"_et_pb_use_builder":"on","_et_pb_old_content":"","_et_gb_content_width":"","footnotes":""},"class_list":["post-295323","page","type-page","status-publish","hentry"],"_links":{"self":[{"href":"https:\/\/dom-ucenicki-kutina.skole.hr\/index.php?rest_route=\/wp\/v2\/pages\/295323","targetHints":{"allow":["GET"]}}],"collection":[{"href":"https:\/\/dom-ucenicki-kutina.skole.hr\/index.php?rest_route=\/wp\/v2\/pages"}],"about":[{"href":"https:\/\/dom-ucenicki-kutina.skole.hr\/index.php?rest_route=\/wp\/v2\/types\/page"}],"author":[{"embeddable":true,"href":"https:\/\/dom-ucenicki-kutina.skole.hr\/index.php?rest_route=\/wp\/v2\/users\/3651"}],"replies":[{"embeddable":true,"href":"https:\/\/dom-ucenicki-kutina.skole.hr\/index.php?rest_route=%2Fwp%2Fv2%2Fcomments&post=295323"}],"version-history":[{"count":42,"href":"https:\/\/dom-ucenicki-kutina.skole.hr\/index.php?rest_route=\/wp\/v2\/pages\/295323\/revisions"}],"predecessor-version":[{"id":301950,"href":"https:\/\/dom-ucenicki-kutina.skole.hr\/index.php?rest_route=\/wp\/v2\/pages\/295323\/revisions\/301950"}],"wp:attachment":[{"href":"https:\/\/dom-ucenicki-kutina.skole.hr\/index.php?rest_route=%2Fwp%2Fv2%2Fmedia&parent=295323"}],"curies":[{"name":"wp","href":"https:\/\/api.w.org\/{rel}","templated":true}]}}